{"id":630,"date":"2021-08-24T13:22:21","date_gmt":"2021-08-24T13:22:21","guid":{"rendered":"https:\/\/imsli.org.ma\/new\/?page_id=630"},"modified":"2024-12-10T15:07:10","modified_gmt":"2024-12-10T15:07:10","slug":"partenaires","status":"publish","type":"page","link":"https:\/\/imsli.org.ma\/new\/partenaires\/","title":{"rendered":"Partenaires"},"content":{"rendered":"<p>[vc_row][vc_column][vc_row_inner][vc_column_inner width=\u00a0\u00bb1\/4&Prime;][vc_single_image image=\u00a0\u00bb1417&Prime; alignment=\u00a0\u00bbcenter\u00a0\u00bb][\/vc_column_inner][vc_column_inner width=\u00a0\u00bb3\/4&Prime;][vc_column_text]<\/p>\n<h2 class=\"section-main-title\" style=\"text-align: justify;\">Oxfam<\/h2>\n<p>Oxfam est une conf\u00e9d\u00e9ration mondiale de 21 organisations membres travaillant ensemble pour lutter contre les in\u00e9galit\u00e9s et parvenir \u00e0 un monde plus \u00e9galitaire. Oxfam est active dans 85 pays et travaille au Maroc depuis 1994. Ses objectifs sont de promouvoir les droits des femmes,\u00a0le tourisme durable et le d\u00e9veloppement socio-\u00e9conomique rural.[\/vc_column_text][\/vc_column_inner][\/vc_row_inner][vc_row_inner][vc_column_inner width=\u00a0\u00bb1\/4&Prime;][vc_single_image image=\u00a0\u00bb1376&Prime; alignment=\u00a0\u00bbcenter\u00a0\u00bb][\/vc_column_inner][vc_column_inner width=\u00a0\u00bb3\/4&Prime;][vc_column_text]<\/p>\n<h2 class=\"section-main-title\" style=\"text-align: justify;\">Minority Rights Group<\/h2>\n<p>Minority Rights Group est une organisation non gouvernementale internationale fond\u00e9e en 1969, avec pour mission de d\u00e9fendre les droits des minorit\u00e9s ethniques, linguistiques et religieuses et des peuples autochtones. Ils travaillent avec 300 organisations partenaires dans 60 pays.<\/p>\n<p>.[\/vc_column_text][\/vc_column_inner][vc_column_inner][vc_separator color=\u00a0\u00bbwhite\u00a0\u00bb border_width=\u00a0\u00bb10&Prime;][vc_separator][\/vc_column_inner][\/vc_row_inner][vc_row_inner][vc_column_inner width=\u00a0\u00bb1\/4&Prime;][vc_single_image image=\u00a0\u00bb633&Prime; img_size=\u00a0\u00bbfull\u00a0\u00bb][\/vc_column_inner][vc_column_inner width=\u00a0\u00bb3\/4&Prime;][vc_column_text]<\/p>\n<div id=\"element-9\" class=\"section-head left size-custom\">\n<div>\n<h2 class=\"section-main-title\" style=\"text-align: justify;\">AECID<\/h2>\n<\/div>\n<\/div>\n<div id=\"element_10162981137215\" class=\"el_text\">\n<p style=\"text-align: justify;\">L\u2019AECID est un organisme de\u00a0<a title=\"Droit public\" href=\"https:\/\/fr.wikipedia.org\/wiki\/Droit_public\">droit public<\/a>, rattach\u00e9 au minist\u00e8re des Affaires \u00e9trang\u00e8res et de la Coop\u00e9ration \u00e0 travers le secr\u00e9tariat d\u2019\u00c9tat \u00e0 la Coop\u00e9ration internationale et \u00e0 l\u2019Am\u00e9rique latine (sigle espagnol\u00a0: SECIPI). L\u2019AECID est responsable de la conception, de la mise en \u0153uvre et de la gestion des projets et programmes de coop\u00e9ration au d\u00e9veloppement, soit directement, en utilisant ses propres ressources, soit en collaborant avec d\u2019autres institutions nationales et internationales ou avec des organisations non gouvernementales.<\/p>\n<\/div>\n<p>[\/vc_column_text][\/vc_column_inner][\/vc_row_inner][vc_separator color=\u00a0\u00bbcustom\u00a0\u00bb accent_color=\u00a0\u00bbrgba(54,70,115,0.08)\u00a0\u00bb css=\u00a0\u00bb.vc_custom_1461899057846{margin-top: 40px !important;margin-bottom: 40px !important;}\u00a0\u00bb][vc_row_inner][vc_column_inner width=\u00a0\u00bb1\/4&Prime;][vc_single_image image=\u00a0\u00bb635&Prime; img_size=\u00a0\u00bbfull\u00a0\u00bb][\/vc_column_inner][vc_column_inner width=\u00a0\u00bb3\/4&Prime;][vc_column_text]<\/p>\n<div id=\"element-17\" class=\"section-head left size-custom\">\n<div>\n<h2 class=\"section-main-title\" style=\"text-align: justify;\">COP22<\/h2>\n<\/div>\n<\/div>\n<div id=\"element_18162981137274\" class=\"el_text\">\n<p style=\"text-align: justify;\">La COP (Conference of Parties ou conf\u00e9rence des Parties) est la r\u00e9union internationale annuelle des \u00c9tats signataires de la Convention-Cadre des Nations Unies sur les Changements Climatiques (CCNUCC), sign\u00e9e lors du Sommet de la Terre \u00e0 Rio de Janeiro en 1992 et est entr\u00e9e en vigueur en 1994.<\/p>\n<\/div>\n<p>[\/vc_column_text][\/vc_column_inner][\/vc_row_inner][vc_separator color=\u00a0\u00bbcustom\u00a0\u00bb accent_color=\u00a0\u00bbrgba(54,70,115,0.08)\u00a0\u00bb css=\u00a0\u00bb.vc_custom_1461899066033{margin-top: 40px !important;margin-bottom: 40px !important;}\u00a0\u00bb][vc_row_inner][vc_column_inner width=\u00a0\u00bb1\/4&Prime;][vc_single_image image=\u00a0\u00bb636&Prime; img_size=\u00a0\u00bbfull\u00a0\u00bb][\/vc_column_inner][vc_column_inner width=\u00a0\u00bb3\/4&Prime;][vc_column_text]<\/p>\n<div id=\"element-25\" class=\"section-head left size-custom\">\n<div>\n<h2 class=\"section-main-title\" style=\"text-align: justify;\">GIZ<\/h2>\n<\/div>\n<\/div>\n<div id=\"element_26162981137221\" class=\"el_text\">\n<p style=\"text-align: justify;\">La GIZ op\u00e8re au Maroc depuis 1975 pour le compte du minist\u00e8re f\u00e9d\u00e9ral allemand de la Coop\u00e9ration \u00e9conomique et du d\u00e9veloppement (BMZ). Elle intervient \u00e9galement dans des proportions croissantes dans ce pays pour le compte d\u2019autres commettants, tels que le minist\u00e8re f\u00e9d\u00e9ral de l\u2019Environnement, de la Protection de la Nature\u00a0et de la S\u00fbret\u00e9 nucl\u00e9aire (BMU), le minist\u00e8re f\u00e9d\u00e9ral des Affaires \u00e9trang\u00e8res (AA), le minist\u00e8re f\u00e9d\u00e9ral de l\u2019\u00c9conomie et de l\u2019\u00c9nergie (BMWE), l\u2019Union europ\u00e9enne et des entreprises marocaines. La GIZ a un Bureau \u00e0 Rabat depuis 1999.\u00c0 l\u2019heure actuelle, 192 collaboratrices et collaborateurs nationaux et 49 collaboratrices et collaborateurs internationaux op\u00e8rent dans le pays (situation au 31\/12\/2017).<\/p>\n<\/div>\n<p>[\/vc_column_text][\/vc_column_inner][\/vc_row_inner][vc_separator color=\u00a0\u00bbcustom\u00a0\u00bb accent_color=\u00a0\u00bbrgba(54,70,115,0.08)\u00a0\u00bb css=\u00a0\u00bb.vc_custom_1461899084582{margin-top: 40px !important;margin-bottom: 40px !important;}\u00a0\u00bb][vc_row_inner][vc_column_inner width=\u00a0\u00bb1\/4&Prime;][vc_single_image image=\u00a0\u00bb637&Prime; img_size=\u00a0\u00bbfull\u00a0\u00bb][\/vc_column_inner][vc_column_inner width=\u00a0\u00bb3\/4&Prime;][vc_column_text]<\/p>\n<div id=\"element-33\" class=\"section-head left size-custom\">\n<div>\n<h2 class=\"section-main-title\" style=\"text-align: justify;\">GLOBAL RIGHTS<\/h2>\n<\/div>\n<\/div>\n<div id=\"element_34162981137254\" class=\"el_text\">\n<p style=\"text-align: justify;\">Global Rights est une organisation non gouvernementale internationale de renforcement des capacit\u00e9s en mati\u00e8re de droits de l\u2019homme.<\/p>\n<\/div>\n<p>[\/vc_column_text][\/vc_column_inner][\/vc_row_inner][vc_separator color=\u00a0\u00bbcustom\u00a0\u00bb accent_color=\u00a0\u00bbrgba(54,70,115,0.08)\u00a0\u00bb css=\u00a0\u00bb.vc_custom_1461899084582{margin-top: 40px !important;margin-bottom: 40px !important;}\u00a0\u00bb][vc_row_inner][vc_column_inner width=\u00a0\u00bb1\/4&Prime;][vc_single_image image=\u00a0\u00bb638&Prime; img_size=\u00a0\u00bbfull\u00a0\u00bb][\/vc_column_inner][vc_column_inner width=\u00a0\u00bb3\/4&Prime;][vc_column_text]<\/p>\n<div id=\"element-33\" class=\"section-head left size-custom\">\n<div id=\"element-41\" class=\"section-head left size-custom\">\n<div>\n<h2 class=\"section-main-title\">IFAD<\/h2>\n<\/div>\n<\/div>\n<div id=\"element_42162981137288\" class=\"el_text\">\n<p>Le Fonds international de d\u00e9veloppement agricole est une institution sp\u00e9cialis\u00e9e du syst\u00e8me des Nations unies. Il a \u00e9t\u00e9 fond\u00e9 en d\u00e9cembre 1977 dans le sillage de la Conf\u00e9rence mondiale de l\u2019alimentation r\u00e9unie \u00e0 Rome en 1974.<\/p>\n<\/div>\n<\/div>\n<p>[\/vc_column_text][\/vc_column_inner][\/vc_row_inner][vc_separator color=\u00a0\u00bbcustom\u00a0\u00bb accent_color=\u00a0\u00bbrgba(54,70,115,0.08)\u00a0\u00bb css=\u00a0\u00bb.vc_custom_1461899084582{margin-top: 40px !important;margin-bottom: 40px !important;}\u00a0\u00bb][vc_row_inner][vc_column_inner width=\u00a0\u00bb1\/4&Prime;][vc_single_image image=\u00a0\u00bb639&Prime; img_size=\u00a0\u00bbfull\u00a0\u00bb][\/vc_column_inner][vc_column_inner width=\u00a0\u00bb3\/4&Prime;][vc_column_text]<\/p>\n<div id=\"element-33\" class=\"section-head left size-custom\">\n<div id=\"element-41\" class=\"section-head left size-custom\">\n<div id=\"element-49\" class=\"section-head left size-custom\">\n<div>\n<h2 class=\"section-main-title\" style=\"text-align: justify;\">KIVULINI<\/h2>\n<\/div>\n<\/div>\n<div id=\"element_50162981137215\" class=\"el_text\">\n<p style=\"text-align: justify;\">Kivulini Trust is registered under the Trustees Act, Laws of Kenya as a non-profit, non-political institution that exists to reconnect pastoralist and other minority groups of Northern Kenya.<\/p>\n<\/div>\n<\/div>\n<\/div>\n<p>[\/vc_column_text][\/vc_column_inner][\/vc_row_inner][vc_separator color=\u00a0\u00bbcustom\u00a0\u00bb accent_color=\u00a0\u00bbrgba(54,70,115,0.08)\u00a0\u00bb css=\u00a0\u00bb.vc_custom_1461899084582{margin-top: 40px !important;margin-bottom: 40px !important;}\u00a0\u00bb][vc_row_inner][vc_column_inner width=\u00a0\u00bb1\/4&Prime;][vc_single_image image=\u00a0\u00bb640&Prime; img_size=\u00a0\u00bbfull\u00a0\u00bb][\/vc_column_inner][vc_column_inner width=\u00a0\u00bb3\/4&Prime;][vc_column_text]<\/p>\n<div id=\"element-33\" class=\"section-head left size-custom\">\n<div id=\"element-41\" class=\"section-head left size-custom\">\n<div id=\"element-49\" class=\"section-head left size-custom\">\n<div id=\"element-57\" class=\"section-head left size-custom\">\n<div>\n<h2 class=\"section-main-title\" style=\"text-align: justify;\">ACCD<\/h2>\n<\/div>\n<\/div>\n<div id=\"element_58162981137226\" class=\"el_text\">\n<p style=\"text-align: justify;\">L\u2019Agence Catalane de Coop\u00e9ration au D\u00e9veloppement (ACCD) est l\u2019organe de la Generalitat de Catalunya responsable de la gestion des politiques de coop\u00e9ration au d\u00e9veloppement et l\u2019action humanitaire. Il est rattach\u00e9 au minist\u00e8re des Affaires \u00e9trang\u00e8res Minist\u00e8re de la Pr\u00e9sidence. Est le principal instrument du gouvernement et les citoyens de Catalogne \u00e0 se joindre \u00e0 l\u2019engagement de la communaut\u00e9 internationale pour construire un monde plus juste et solidaire, et de travailler pour assurer l\u2019acc\u00e8s aux droits fondamentaux et au libre d\u00e9veloppement des individus et des peuples dans le monde entier.<\/p>\n<\/div>\n<\/div>\n<\/div>\n<\/div>\n<p>[\/vc_column_text][\/vc_column_inner][\/vc_row_inner][vc_separator color=\u00a0\u00bbcustom\u00a0\u00bb accent_color=\u00a0\u00bbrgba(54,70,115,0.08)\u00a0\u00bb css=\u00a0\u00bb.vc_custom_1461899084582{margin-top: 40px !important;margin-bottom: 40px !important;}\u00a0\u00bb][vc_row_inner][vc_column_inner width=\u00a0\u00bb1\/4&Prime;][vc_single_image image=\u00a0\u00bb641&Prime; img_size=\u00a0\u00bbfull\u00a0\u00bb][\/vc_column_inner][vc_column_inner width=\u00a0\u00bb3\/4&Prime;][vc_column_text]<\/p>\n<div id=\"element-33\" class=\"section-head left size-custom\">\n<div id=\"element-41\" class=\"section-head left size-custom\">\n<div id=\"element-49\" class=\"section-head left size-custom\">\n<div id=\"element-57\" class=\"section-head left size-custom\">\n<div id=\"element-65\" class=\"section-head left size-custom\">\n<div>\n<h2 class=\"section-main-title\" style=\"text-align: justify;\">FEMDH<\/h2>\n<\/div>\n<\/div>\n<div id=\"element_66162981137266\" class=\"el_text\">\n<p style=\"text-align: justify;\">La Fondation a pour objectif d\u2019allouer des appuis financiers souples aux individus, institutions et organisations non-gouvernementales de d\u00e9fense des droits de l\u2019Homme dans la r\u00e9gion sud-m\u00e9diterran\u00e9enne.<\/p>\n<\/div>\n<\/div>\n<\/div>\n<\/div>\n<\/div>\n<p>[\/vc_column_text][\/vc_column_inner][\/vc_row_inner][vc_separator color=\u00a0\u00bbcustom\u00a0\u00bb accent_color=\u00a0\u00bbrgba(54,70,115,0.08)\u00a0\u00bb css=\u00a0\u00bb.vc_custom_1461899084582{margin-top: 40px !important;margin-bottom: 40px !important;}\u00a0\u00bb][vc_row_inner][vc_column_inner width=\u00a0\u00bb1\/4&Prime;][vc_single_image image=\u00a0\u00bb642&Prime; img_size=\u00a0\u00bbfull\u00a0\u00bb][\/vc_column_inner][vc_column_inner width=\u00a0\u00bb3\/4&Prime;][vc_column_text]<\/p>\n<div id=\"element-33\" class=\"section-head left size-custom\">\n<div id=\"element-41\" class=\"section-head left size-custom\">\n<div id=\"element-49\" class=\"section-head left size-custom\">\n<div id=\"element-57\" class=\"section-head left size-custom\">\n<div id=\"element-65\" class=\"section-head left size-custom\">\n<div id=\"element-73\" class=\"section-head left size-custom\">\n<div>\n<h2 class=\"section-main-title\" style=\"text-align: justify;\">MEPI<\/h2>\n<\/div>\n<\/div>\n<div id=\"element_74162981137295\" class=\"el_text\">\n<p style=\"text-align: justify;\">L \u2018Initiative de partenariat USA Moyen-Orient offre assistance, formation et soutien aux<\/p>\n<p style=\"text-align: justify;\">groupes et personnes souhaitant apporter le changement au Moyen-Orient et en Afrique du Nord. Le programme MEPI soutient, dans le cadre d\u2019un partenariat, les efforts des organisations de la soci\u00e9t\u00e9 civile, des leaders de la communaut\u00e9, des femmes et des jeunes militants, des groupes du secteur priv\u00e9 et autres, afin de les aider \u00e0 apporter un changement positif dans la soci\u00e9t\u00e9.<\/p>\n<\/div>\n<\/div>\n<\/div>\n<\/div>\n<\/div>\n<\/div>\n<p>[\/vc_column_text][\/vc_column_inner][\/vc_row_inner][vc_separator color=\u00a0\u00bbcustom\u00a0\u00bb accent_color=\u00a0\u00bbrgba(54,70,115,0.08)\u00a0\u00bb css=\u00a0\u00bb.vc_custom_1461899084582{margin-top: 40px !important;margin-bottom: 40px !important;}\u00a0\u00bb][vc_row_inner][vc_column_inner width=\u00a0\u00bb1\/4&Prime;][vc_single_image image=\u00a0\u00bb643&Prime; img_size=\u00a0\u00bbfull\u00a0\u00bb][\/vc_column_inner][vc_column_inner width=\u00a0\u00bb3\/4&Prime;][vc_column_text]<\/p>\n<div id=\"element-33\" class=\"section-head left size-custom\">\n<div id=\"element-41\" class=\"section-head left size-custom\">\n<div id=\"element-49\" class=\"section-head left size-custom\">\n<div id=\"element-57\" class=\"section-head left size-custom\">\n<div id=\"element-65\" class=\"section-head left size-custom\">\n<div id=\"element-73\" class=\"section-head left size-custom\">\n<div id=\"element-81\" class=\"section-head left size-custom\">\n<div>\n<h2 class=\"section-main-title\" style=\"text-align: justify;\">DAAM<\/h2>\n<\/div>\n<\/div>\n<div id=\"element_82162981137275\" class=\"el_text\">\n<div class=\"wpb_text_column wpb_content_element vc_custom_1506502836933\">\n<div class=\"wpb_wrapper\">\n<p style=\"text-align: justify;\">DAAM est une initiative de l\u2019ambassade britannique au Maroc en faveur du d\u00e9veloppement de la capacit\u00e9 organisationnelle de la soci\u00e9t\u00e9 civile marocaine ax\u00e9e sur la recherche. L\u2019objectif du programme est de contribuer au d\u00e9veloppement d\u2019une soci\u00e9t\u00e9 civile plus forte, permettant de renforcer son efficacit\u00e9 et son impact sp\u00e9cialement dans son engagement vis-\u00e0-vis des politiques publiques et aupr<span class=\"m_-5681134781253727544gmail-text_exposed_show\">\u00e8s des citoyens.<br \/>\nEn plus d\u2019attribuer des subventions de recherche, cette initiative permet \u00e9galement aux organisations de soci\u00e9t\u00e9s civiles s\u00e9lectionn\u00e9es de participer \u00e0 des actions de diagnostic organisationnel et de renforcement des capacit\u00e9s.<\/span><\/p>\n<\/div>\n<\/div>\n<\/div>\n<\/div>\n<\/div>\n<\/div>\n<\/div>\n<\/div>\n<\/div>\n<p>[\/vc_column_text][\/vc_column_inner][\/vc_row_inner][vc_separator color=\u00a0\u00bbcustom\u00a0\u00bb accent_color=\u00a0\u00bbrgba(54,70,115,0.08)\u00a0\u00bb css=\u00a0\u00bb.vc_custom_1461899084582{margin-top: 40px !important;margin-bottom: 40px !important;}\u00a0\u00bb][vc_row_inner][vc_column_inner width=\u00a0\u00bb1\/4&Prime;][vc_single_image image=\u00a0\u00bb644&Prime; img_size=\u00a0\u00bbfull\u00a0\u00bb][\/vc_column_inner][vc_column_inner width=\u00a0\u00bb3\/4&Prime;][vc_column_text]<\/p>\n<div id=\"element-33\" class=\"section-head left size-custom\">\n<div id=\"element-41\" class=\"section-head left size-custom\">\n<div id=\"element-49\" class=\"section-head left size-custom\">\n<div id=\"element-57\" class=\"section-head left size-custom\">\n<div id=\"element-65\" class=\"section-head left size-custom\">\n<div id=\"element-73\" class=\"section-head left size-custom\">\n<div id=\"element-81\" class=\"section-head left size-custom\">\n<div id=\"element-89\" class=\"section-head left size-custom\">\n<div>\n<h2 class=\"section-main-title\">ASWATONA<\/h2>\n<\/div>\n<\/div>\n<div id=\"element_90162981137213\" class=\"el_text\">\n<div class=\"wpb_text_column wpb_content_element vc_custom_1506502836933\">\n<div class=\"wpb_wrapper\">\n<p style=\"text-align: justify;\">Le Fonds Aswatona pour le d\u00e9veloppement des m\u00e9dias est une initiative de financement r\u00e9gionale et multi-partenaire pour le renforcement du secteur des m\u00e9dias ind\u00e9pendants dans les pays du Maghreb et du Machrek.<\/p>\n<\/div>\n<\/div>\n<\/div>\n<\/div>\n<\/div>\n<\/div>\n<\/div>\n<\/div>\n<\/div>\n<\/div>\n<p>[\/vc_column_text][\/vc_column_inner][\/vc_row_inner][vc_separator color=\u00a0\u00bbcustom\u00a0\u00bb accent_color=\u00a0\u00bbrgba(54,70,115,0.08)\u00a0\u00bb css=\u00a0\u00bb.vc_custom_1461899084582{margin-top: 40px !important;margin-bottom: 40px !important;}\u00a0\u00bb][vc_row_inner][vc_column_inner width=\u00a0\u00bb1\/4&Prime;][vc_single_image image=\u00a0\u00bb645&Prime; img_size=\u00a0\u00bbfull\u00a0\u00bb][\/vc_column_inner][vc_column_inner width=\u00a0\u00bb3\/4&Prime;][vc_column_text]<\/p>\n<div id=\"element-33\" class=\"section-head left size-custom\">\n<div id=\"element-41\" class=\"section-head left size-custom\">\n<div id=\"element-49\" class=\"section-head left size-custom\">\n<div id=\"element-57\" class=\"section-head left size-custom\">\n<div id=\"element-65\" class=\"section-head left size-custom\">\n<div id=\"element-73\" class=\"section-head left size-custom\">\n<div id=\"element-81\" class=\"section-head left size-custom\">\n<div id=\"element-89\" class=\"section-head left size-custom\">\n<div id=\"element-97\" class=\"section-head left size-custom\">\n<div>\n<h2 class=\"section-main-title\" style=\"text-align: justify;\">DIDH<\/h2>\n<\/div>\n<\/div>\n<div id=\"element_98162981137260\" class=\"el_text\">\n<div class=\"wpb_text_column wpb_content_element vc_custom_1506502836933\">\n<div class=\"wpb_wrapper\">\n<p style=\"text-align: justify;\">Cr\u00e9\u00e9e le 11 avril 2011 afin de renforcer l\u2019action gouvernementale en mati\u00e8re de droits de l\u2019Homme et la coordination entre les acteurs concern\u00e9s, la DIDH est aujourd\u2019hui rattach\u00e9e au Minist\u00e8re d\u2019Etat Charg\u00e9 des droits de l\u2019Homme en vertu du d\u00e9cret 2.17.190 relatif aux attributions du Ministre d\u2019Etat charg\u00e9 des droits de l\u2019Homme.<\/p>\n<\/div>\n<\/div>\n<\/div>\n<\/div>\n<\/div>\n<\/div>\n<\/div>\n<\/div>\n<\/div>\n<\/div>\n<\/div>\n<p>[\/vc_column_text][\/vc_column_inner][\/vc_row_inner][vc_separator color=\u00a0\u00bbcustom\u00a0\u00bb accent_color=\u00a0\u00bbrgba(54,70,115,0.08)\u00a0\u00bb css=\u00a0\u00bb.vc_custom_1461899084582{margin-top: 40px !important;margin-bottom: 40px !important;}\u00a0\u00bb][vc_row_inner][vc_column_inner width=\u00a0\u00bb1\/4&Prime;][vc_single_image image=\u00a0\u00bb1177&Prime; img_size=\u00a0\u00bbfull\u00a0\u00bb][\/vc_column_inner][vc_column_inner width=\u00a0\u00bb3\/4&Prime;][vc_column_text]<\/p>\n<div id=\"element-33\" class=\"section-head left size-custom\">\n<div id=\"element-41\" class=\"section-head left size-custom\">\n<div id=\"element-49\" class=\"section-head left size-custom\">\n<div id=\"element-57\" class=\"section-head left size-custom\">\n<div id=\"element-65\" class=\"section-head left size-custom\">\n<div id=\"element-73\" class=\"section-head left size-custom\">\n<div id=\"element-81\" class=\"section-head left size-custom\">\n<div id=\"element-89\" class=\"section-head left size-custom\">\n<div id=\"element-97\" class=\"section-head left size-custom\">\n<div id=\"element-105\" class=\"section-head left size-custom\">\n<div>\n<h2 class=\"section-main-title\" style=\"text-align: justify;\">MINIST\u00c8RE DE LA FAMILLE, DE LA SOLIDARIT\u00c9, DE L\u2019\u00c9GALIT\u00c9, ET DU D\u00c9VELOPPEMENT SOCIAL.<\/h2>\n<\/div>\n<\/div>\n<div id=\"element_106162981137270\" class=\"el_text\">\n<div class=\"wpb_text_column wpb_content_element vc_custom_1506502836933\">\n<div class=\"wpb_wrapper\">\n<p style=\"text-align: justify;\">MINIST\u00c8RE DE LA FAMILLE, DE LA SOLIDARIT\u00c9, DE L\u2019\u00c9GALIT\u00c9, ET DU D\u00c9VELOPPEMENT SOCIAL.<\/p>\n<\/div>\n<\/div>\n<\/div>\n<\/div>\n<\/div>\n<\/div>\n<\/div>\n<\/div>\n<\/div>\n<\/div>\n<\/div>\n<\/div>\n<p>[\/vc_column_text][\/vc_column_inner][\/vc_row_inner][vc_separator color=\u00a0\u00bbcustom\u00a0\u00bb accent_color=\u00a0\u00bbrgba(54,70,115,0.08)\u00a0\u00bb css=\u00a0\u00bb.vc_custom_1461899084582{margin-top: 40px !important;margin-bottom: 40px !important;}\u00a0\u00bb][vc_row_inner][vc_column_inner width=\u00a0\u00bb1\/4&Prime;][vc_single_image image=\u00a0\u00bb647&Prime; img_size=\u00a0\u00bbfull\u00a0\u00bb][\/vc_column_inner][vc_column_inner width=\u00a0\u00bb3\/4&Prime;][vc_column_text]<\/p>\n<div id=\"element-33\" class=\"section-head left size-custom\">\n<div id=\"element-41\" class=\"section-head left size-custom\">\n<div id=\"element-49\" class=\"section-head left size-custom\">\n<div id=\"element-57\" class=\"section-head left size-custom\">\n<div id=\"element-65\" class=\"section-head left size-custom\">\n<div id=\"element-73\" class=\"section-head left size-custom\">\n<div id=\"element-81\" class=\"section-head left size-custom\">\n<div id=\"element-89\" class=\"section-head left size-custom\">\n<div id=\"element-97\" class=\"section-head left size-custom\">\n<div id=\"element-105\" class=\"section-head left size-custom\">\n<div id=\"element-113\" class=\"section-head left size-custom\">\n<div>\n<h2 class=\"section-main-title\" style=\"text-align: justify;\">MINIST\u00c8RE DE LA JUSTICE<\/h2>\n<\/div>\n<\/div>\n<div id=\"element_114162981137257\" class=\"el_text\">\n<div class=\"wpb_text_column wpb_content_element vc_custom_1506502836933\">\n<div class=\"wpb_wrapper\">\n<p style=\"text-align: justify;\">Le\u00a0<b>minist\u00e8re de la Justice<\/b>\u00a0est le d\u00e9partement minist\u00e9riel du gouvernement marocain charg\u00e9 de veiller au bon fonctionnement du syst\u00e8me judiciaire. Le minist\u00e8re de la justice s\u2019occupe aussi de la gestion des prisons marocaines.<\/p>\n<\/div>\n<\/div>\n<\/div>\n<\/div>\n<\/div>\n<\/div>\n<\/div>\n<\/div>\n<\/div>\n<\/div>\n<\/div>\n<\/div>\n<\/div>\n<p>[\/vc_column_text][\/vc_column_inner][\/vc_row_inner][\/vc_column][vc_column][\/vc_column][vc_column][\/vc_column][vc_column][\/vc_column][vc_column][\/vc_column][vc_column][\/vc_column][vc_column][\/vc_column][vc_column][\/vc_column][\/vc_row]<\/p>\n","protected":false},"excerpt":{"rendered":"<p>[vc_row][vc_column][vc_row_inner][vc_column_inner width=\u00a0\u00bb1\/4&Prime;][vc_single_image image=\u00a0\u00bb1417&Prime; alignment=\u00a0\u00bbcenter\u00a0\u00bb][\/vc_column_inner][vc_column_inner width=\u00a0\u00bb3\/4&Prime;][vc_column_text] Oxfam Oxfam est une conf\u00e9d\u00e9ration mondiale de 21 organisations membres travaillant ensemble pour lutter contre les in\u00e9galit\u00e9s et parvenir \u00e0 un monde plus \u00e9galitaire. Oxfam est active dans 85 pays et travaille au Maroc depuis 1994. Ses objectifs sont de promouvoir les droits des femmes,\u00a0le tourisme durable et le d\u00e9veloppement [&hellip;]<\/p>\n","protected":false},"author":1,"featured_media":0,"parent":0,"menu_order":0,"comment_status":"closed","ping_status":"closed","template":"","meta":{"footnotes":""},"class_list":["post-630","page","type-page","status-publish","hentry","no-post-thumbnail"],"_links":{"self":[{"href":"https:\/\/imsli.org.ma\/new\/wp-json\/wp\/v2\/pages\/630","targetHints":{"allow":["GET"]}}],"collection":[{"href":"https:\/\/imsli.org.ma\/new\/wp-json\/wp\/v2\/pages"}],"about":[{"href":"https:\/\/imsli.org.ma\/new\/wp-json\/wp\/v2\/types\/page"}],"author":[{"embeddable":true,"href":"https:\/\/imsli.org.ma\/new\/wp-json\/wp\/v2\/users\/1"}],"replies":[{"embeddable":true,"href":"https:\/\/imsli.org.ma\/new\/wp-json\/wp\/v2\/comments?post=630"}],"version-history":[{"count":32,"href":"https:\/\/imsli.org.ma\/new\/wp-json\/wp\/v2\/pages\/630\/revisions"}],"predecessor-version":[{"id":1535,"href":"https:\/\/imsli.org.ma\/new\/wp-json\/wp\/v2\/pages\/630\/revisions\/1535"}],"wp:attachment":[{"href":"https:\/\/imsli.org.ma\/new\/wp-json\/wp\/v2\/media?parent=630"}],"curies":[{"name":"wp","href":"https:\/\/api.w.org\/{rel}","templated":true}]}}